{"id":4090,"date":"2022-01-26T12:03:03","date_gmt":"2022-01-26T12:03:03","guid":{"rendered":"https:\/\/blog.cadernointeligente.pt\/wp\/?page_id=4090"},"modified":"2023-12-20T16:33:10","modified_gmt":"2023-12-20T16:33:10","slug":"live-de-estudo-matematica-9o-ano-27-01-2022","status":"publish","type":"page","link":"https:\/\/blog.cadernointeligente.pt\/wp\/live-de-estudo-matematica-9o-ano-27-01-2022\/","title":{"rendered":"Live de Estudo: Matem\u00e1tica 9\u00ba ano &#8211; 1\u00ba aula (27\/01\/2022)"},"content":{"rendered":"\n<p><strong>Material para descarregar para a live de estudo&nbsp;Matem\u00e1tica<\/strong><\/p>\n\n\n\n<div data-wp-interactive=\"core\/file\" class=\"wp-block-file\"><object data-wp-bind--hidden=\"!state.hasPdfPreview\" hidden class=\"wp-block-file__embed\" data=\"https:\/\/blog.cadernointeligente.pt\/wp\/wp-content\/uploads\/2022\/01\/Live_-Equac\u0327o\u0303es-do-2a-Grau-9o-ano.pdf\" type=\"application\/pdf\" style=\"width:100%;height:600px\" aria-label=\"Incorpora\u00e7\u00e3o de Incorpora\u00e7\u00e3o de Live_-Equac\u0327o\u0303es-do-2a-Grau-9o-ano..\"><\/object><a id=\"wp-block-file--media-c75ebaa1-22f7-4b49-abdf-1775209936bf\" href=\"https:\/\/blog.cadernointeligente.pt\/wp\/wp-content\/uploads\/2022\/01\/Live_-Equac\u0327o\u0303es-do-2a-Grau-9o-ano.pdf\">Live_-Equac\u0327o\u0303es-do-2a-Grau-9o-ano<\/a><a href=\"https:\/\/blog.cadernointeligente.pt\/wp\/wp-content\/uploads\/2022\/01\/Live_-Equac\u0327o\u0303es-do-2a-Grau-9o-ano.pdf\" class=\"wp-block-file__button\" download aria-describedby=\"wp-block-file--media-c75ebaa1-22f7-4b49-abdf-1775209936bf\">Descarregar<\/a><\/div>\n\n\n\n<p><strong>Prepara\u00e7\u00e3o com exerc\u00edcios para a Prova Nacional de 9\u00ba ano de Matem\u00e1tica<\/strong><\/p>\n\n\n\n<div data-wp-interactive=\"core\/file\" class=\"wp-block-file\"><object data-wp-bind--hidden=\"!state.hasPdfPreview\" hidden class=\"wp-block-file__embed\" data=\"https:\/\/blog.cadernointeligente.pt\/wp\/wp-content\/uploads\/2022\/01\/Live_-Equac\u0327o\u0303es-do-2a-Grau-9o-ano_-Material-de-apoio.pdf\" type=\"application\/pdf\" style=\"width:100%;height:600px\" aria-label=\"Incorpora\u00e7\u00e3o de Incorpora\u00e7\u00e3o de Live_-Equac\u0327o\u0303es-do-2a-Grau-9o-ano_-Material-de-apoio..\"><\/object><a id=\"wp-block-file--media-82a7a03a-d447-406b-afc0-aa8d3e6a7863\" href=\"https:\/\/blog.cadernointeligente.pt\/wp\/wp-content\/uploads\/2022\/01\/Live_-Equac\u0327o\u0303es-do-2a-Grau-9o-ano_-Material-de-apoio.pdf\">Live_-Equac\u0327o\u0303es-do-2a-Grau-9o-ano_-Material-de-apoio<\/a><a href=\"https:\/\/blog.cadernointeligente.pt\/wp\/wp-content\/uploads\/2022\/01\/Live_-Equac\u0327o\u0303es-do-2a-Grau-9o-ano_-Material-de-apoio.pdf\" class=\"wp-block-file__button\" download aria-describedby=\"wp-block-file--media-82a7a03a-d447-406b-afc0-aa8d3e6a7863\">Descarregar<\/a><\/div>\n\n\n\n<h3 class=\"wp-block-heading\" id=\"live-de-estudo-matematica-9\u00ba-26-01-2022-lecionada-por-andreia-marques\"><strong>Live de Estudo Matem\u00e1tica 9\u00ba &#8211; 1\u00ba aula (26\/01\/2022) lecionada por Andreia Marques<\/strong><\/h3>\n\n\n\n<figure class=\"wp-block-embed is-type-video is-provider-youtube wp-block-embed-youtube wp-embed-aspect-16-9 wp-has-aspect-ratio\"><div class=\"wp-block-embed__wrapper\">\n<iframe loading=\"lazy\" title=\"Live Matem\u00e1tica 9\u00ba ano | Live de estudo CI x Learnin Academy\" width=\"1140\" height=\"641\" src=\"https:\/\/www.youtube.com\/embed\/yelPcmYroTk?feature=oembed\" frameborder=\"0\" allow=\"accelerometer; autoplay; clipboard-write; encrypted-media; gyroscope; picture-in-picture\" allowfullscreen><\/iframe>\n<\/div><\/figure>\n\n\n\n<h3 class=\"wp-block-heading\" id=\"vem-estudar-com-o-ci-mas-em-live\"><strong>Vem estudar com o CI, mas em live<\/strong><\/h3>\n\n\n\n<p>Queremos que tenhas sucesso e alcances os teus sonhos, assim como arrases nos testes e exames nacionais.<\/p>\n\n\n\n<p>A prepara\u00e7\u00e3o para os exames deve ser pr\u00e9via e bem feita. Ent\u00e3o n\u00f3s achamos que dev\u00edamos ajudar-te nessa parte.<\/p>\n\n\n\n<p>\u00c9 por isso que o&nbsp;<a href=\"https:\/\/www.instagram.com\/cadernointeligente_pt\/\" target=\"_blank\" rel=\"noreferrer noopener\">Caderno Inteligente<\/a>&nbsp;se juntou ao&nbsp;<a href=\"https:\/\/learninacademy.pt\/\" target=\"_blank\" rel=\"noreferrer noopener\">Learnin Maia<\/a>, para criar lives de estudo totalmente gratuitas e para todos os que quiserem participar.<\/p>\n\n\n\n<p>O Learnin Maia \u00e9 um centro de estudos com um programa online que tem como objetivo ajudar-te a preparar para os exames nacionais e garantir que tires notas fant\u00e1sticas e consigas entrar no curso e universidade que sempre sonhaste entrar.<\/p>\n\n\n\n<p>Esta equipa possuiu explicadores com v\u00e1ria experiencia na prepara\u00e7\u00e3o para os exames nacionais. &nbsp;<\/p>\n\n\n\n<h3 class=\"wp-block-heading\" id=\"como-funcionam-as-lives-de-estudo-do-ci\"><strong>Como funcionam as lives de estudo do CI<\/strong><\/h3>\n\n\n\n<p>Estas lives ser\u00e3o transmitidas em direto no nosso&nbsp;<a href=\"https:\/\/www.youtube.com\/channel\/UCJpxOEOyQPLhN-edLQfAQ_g\" target=\"_blank\" rel=\"noreferrer noopener\">canal&nbsp;<\/a>de YouTube e tu vais ter sempre acesso livre a cada transmiss\u00e3o.<\/p>\n\n\n\n<p>O que precisas \u00e9 apenas de estar atento ao nosso instagram para saber quando vamos estar em live. Vais ainda poder comentar e colocar d\u00favidas sobre os exerc\u00edcios que ser\u00e3o resolvidos.<\/p>\n\n\n\n<p>Quem ir\u00e1 explicar os exerc\u00edcios? Cada live ter\u00e1 a presen\u00e7a de um professor qualificado que est\u00e1 super dispon\u00edvel para te ajudar naquele exerc\u00edcio que achavas dif\u00edcil resolver.<\/p>\n\n\n\n<p>O nosso objetivo \u00e9 ajudar-te a teres as melhores notas, por isso, vamos realizar todas as semanas uma live de estudo para v\u00e1rias disciplinas.<\/p>\n","protected":false},"excerpt":{"rendered":"<p>Material para descarregar para a live de estudo&nbsp;Matem\u00e1tica Prepara\u00e7\u00e3o com exerc\u00edcios para a Prova Nacional de 9\u00ba ano de Matem\u00e1tica&hellip;<\/p>\n","protected":false},"author":1,"featured_media":4106,"parent":0,"menu_order":0,"comment_status":"closed","ping_status":"closed","template":"","meta":{"jetpack_post_was_ever_published":false,"footnotes":""},"class_list":["post-4090","page","type-page","status-publish","has-post-thumbnail","hentry"],"yoast_head":"<!-- This site is optimized with the Yoast SEO plugin v27.2 - https:\/\/yoast.com\/product\/yoast-seo-wordpress\/ -->\n<title>Live de Estudo: Matem\u00e1tica 9\u00ba ano - 1\u00ba aula (27\/01\/2022) - Caderno Inteligente<\/title>\n<meta name=\"description\" content=\"Rev\u00ea a Live de Estudo: Matem\u00e1tica 9\u00ba ano - 1\u00ba aula e prepara-te para os testes da melhor forma com o Caderno Inteligente.\" \/>\n<meta name=\"robots\" content=\"index, follow, max-snippet:-1, max-image-preview:large, max-video-preview:-1\" \/>\n<link rel=\"canonical\" href=\"https:\/\/blog.cadernointeligente.pt\/wp\/live-de-estudo-matematica-9o-ano-27-01-2022\/\" \/>\n<meta property=\"og:locale\" content=\"pt_PT\" \/>\n<meta property=\"og:type\" content=\"article\" \/>\n<meta property=\"og:title\" content=\"Live de Estudo: Matem\u00e1tica 9\u00ba ano - 1\u00ba aula (27\/01\/2022) - Caderno Inteligente\" \/>\n<meta property=\"og:description\" content=\"Rev\u00ea a Live de Estudo: Matem\u00e1tica 9\u00ba ano - 1\u00ba aula e prepara-te para os testes da melhor forma com o Caderno Inteligente.\" \/>\n<meta property=\"og:url\" content=\"https:\/\/blog.cadernointeligente.pt\/wp\/live-de-estudo-matematica-9o-ano-27-01-2022\/\" \/>\n<meta property=\"og:site_name\" content=\"Caderno Inteligente\" \/>\n<meta property=\"article:modified_time\" content=\"2023-12-20T16:33:10+00:00\" \/>\n<meta property=\"og:image\" content=\"https:\/\/blog.cadernointeligente.pt\/wp\/wp-content\/uploads\/2022\/01\/Banner_Lives_de_Estudo-scaled.jpg\" \/>\n\t<meta property=\"og:image:width\" content=\"2560\" \/>\n\t<meta property=\"og:image:height\" content=\"1289\" \/>\n\t<meta property=\"og:image:type\" content=\"image\/jpeg\" \/>\n<meta name=\"twitter:card\" content=\"summary_large_image\" \/>\n<meta name=\"twitter:label1\" content=\"Tempo estimado de leitura\" \/>\n\t<meta name=\"twitter:data1\" content=\"2 minutos\" \/>\n<script type=\"application\/ld+json\" class=\"yoast-schema-graph\">{\"@context\":\"https:\/\/schema.org\",\"@graph\":[{\"@type\":\"WebPage\",\"@id\":\"https:\/\/blog.cadernointeligente.pt\/wp\/live-de-estudo-matematica-9o-ano-27-01-2022\/\",\"url\":\"https:\/\/blog.cadernointeligente.pt\/wp\/live-de-estudo-matematica-9o-ano-27-01-2022\/\",\"name\":\"Live de Estudo: Matem\u00e1tica 9\u00ba ano - 1\u00ba aula (27\/01\/2022) - Caderno Inteligente\",\"isPartOf\":{\"@id\":\"https:\/\/blog.cadernointeligente.pt\/wp\/#website\"},\"primaryImageOfPage\":{\"@id\":\"https:\/\/blog.cadernointeligente.pt\/wp\/live-de-estudo-matematica-9o-ano-27-01-2022\/#primaryimage\"},\"image\":{\"@id\":\"https:\/\/blog.cadernointeligente.pt\/wp\/live-de-estudo-matematica-9o-ano-27-01-2022\/#primaryimage\"},\"thumbnailUrl\":\"https:\/\/i0.wp.com\/blog.cadernointeligente.pt\/wp\/wp-content\/uploads\/2022\/01\/Banner_Lives_de_Estudo-scaled.jpg?fit=2560%2C1289&ssl=1\",\"datePublished\":\"2022-01-26T12:03:03+00:00\",\"dateModified\":\"2023-12-20T16:33:10+00:00\",\"description\":\"Rev\u00ea a Live de Estudo: Matem\u00e1tica 9\u00ba ano - 1\u00ba aula e prepara-te para os testes da melhor forma com o Caderno Inteligente.\",\"breadcrumb\":{\"@id\":\"https:\/\/blog.cadernointeligente.pt\/wp\/live-de-estudo-matematica-9o-ano-27-01-2022\/#breadcrumb\"},\"inLanguage\":\"pt-PT\",\"potentialAction\":[{\"@type\":\"ReadAction\",\"target\":[\"https:\/\/blog.cadernointeligente.pt\/wp\/live-de-estudo-matematica-9o-ano-27-01-2022\/\"]}]},{\"@type\":\"ImageObject\",\"inLanguage\":\"pt-PT\",\"@id\":\"https:\/\/blog.cadernointeligente.pt\/wp\/live-de-estudo-matematica-9o-ano-27-01-2022\/#primaryimage\",\"url\":\"https:\/\/i0.wp.com\/blog.cadernointeligente.pt\/wp\/wp-content\/uploads\/2022\/01\/Banner_Lives_de_Estudo-scaled.jpg?fit=2560%2C1289&ssl=1\",\"contentUrl\":\"https:\/\/i0.wp.com\/blog.cadernointeligente.pt\/wp\/wp-content\/uploads\/2022\/01\/Banner_Lives_de_Estudo-scaled.jpg?fit=2560%2C1289&ssl=1\",\"width\":2560,\"height\":1289,\"caption\":\"Banner_Lives_de_Estudo\"},{\"@type\":\"BreadcrumbList\",\"@id\":\"https:\/\/blog.cadernointeligente.pt\/wp\/live-de-estudo-matematica-9o-ano-27-01-2022\/#breadcrumb\",\"itemListElement\":[{\"@type\":\"ListItem\",\"position\":1,\"name\":\"In\u00edcio\",\"item\":\"https:\/\/blog.cadernointeligente.pt\/wp\/\"},{\"@type\":\"ListItem\",\"position\":2,\"name\":\"Live de Estudo: Matem\u00e1tica 9\u00ba ano &#8211; 1\u00ba aula (27\/01\/2022)\"}]},{\"@type\":\"WebSite\",\"@id\":\"https:\/\/blog.cadernointeligente.pt\/wp\/#website\",\"url\":\"https:\/\/blog.cadernointeligente.pt\/wp\/\",\"name\":\"Caderno Inteligente\",\"description\":\"Blog do Caderno Inteligente Portugal\",\"publisher\":{\"@id\":\"https:\/\/blog.cadernointeligente.pt\/wp\/#organization\"},\"potentialAction\":[{\"@type\":\"SearchAction\",\"target\":{\"@type\":\"EntryPoint\",\"urlTemplate\":\"https:\/\/blog.cadernointeligente.pt\/wp\/?s={search_term_string}\"},\"query-input\":{\"@type\":\"PropertyValueSpecification\",\"valueRequired\":true,\"valueName\":\"search_term_string\"}}],\"inLanguage\":\"pt-PT\"},{\"@type\":\"Organization\",\"@id\":\"https:\/\/blog.cadernointeligente.pt\/wp\/#organization\",\"name\":\"Caderno Inteligente Portugal\",\"url\":\"https:\/\/blog.cadernointeligente.pt\/wp\/\",\"logo\":{\"@type\":\"ImageObject\",\"inLanguage\":\"pt-PT\",\"@id\":\"https:\/\/blog.cadernointeligente.pt\/wp\/#\/schema\/logo\/image\/\",\"url\":\"https:\/\/i0.wp.com\/blog.cadernointeligente.pt\/wp\/wp-content\/uploads\/2020\/03\/logotipo-Caderno-Inteligente.png?fit=1067%2C1067&ssl=1\",\"contentUrl\":\"https:\/\/i0.wp.com\/blog.cadernointeligente.pt\/wp\/wp-content\/uploads\/2020\/03\/logotipo-Caderno-Inteligente.png?fit=1067%2C1067&ssl=1\",\"width\":1067,\"height\":1067,\"caption\":\"Caderno Inteligente Portugal\"},\"image\":{\"@id\":\"https:\/\/blog.cadernointeligente.pt\/wp\/#\/schema\/logo\/image\/\"},\"sameAs\":[\"https:\/\/www.instagram.com\/cadernointeligente_pt\/\"]}]}<\/script>\n<!-- \/ Yoast SEO plugin. -->","yoast_head_json":{"title":"Live de Estudo: Matem\u00e1tica 9\u00ba ano - 1\u00ba aula (27\/01\/2022) - Caderno Inteligente","description":"Rev\u00ea a Live de Estudo: Matem\u00e1tica 9\u00ba ano - 1\u00ba aula e prepara-te para os testes da melhor forma com o Caderno Inteligente.","robots":{"index":"index","follow":"follow","max-snippet":"max-snippet:-1","max-image-preview":"max-image-preview:large","max-video-preview":"max-video-preview:-1"},"canonical":"https:\/\/blog.cadernointeligente.pt\/wp\/live-de-estudo-matematica-9o-ano-27-01-2022\/","og_locale":"pt_PT","og_type":"article","og_title":"Live de Estudo: Matem\u00e1tica 9\u00ba ano - 1\u00ba aula (27\/01\/2022) - Caderno Inteligente","og_description":"Rev\u00ea a Live de Estudo: Matem\u00e1tica 9\u00ba ano - 1\u00ba aula e prepara-te para os testes da melhor forma com o Caderno Inteligente.","og_url":"https:\/\/blog.cadernointeligente.pt\/wp\/live-de-estudo-matematica-9o-ano-27-01-2022\/","og_site_name":"Caderno Inteligente","article_modified_time":"2023-12-20T16:33:10+00:00","og_image":[{"width":2560,"height":1289,"url":"https:\/\/blog.cadernointeligente.pt\/wp\/wp-content\/uploads\/2022\/01\/Banner_Lives_de_Estudo-scaled.jpg","type":"image\/jpeg"}],"twitter_card":"summary_large_image","twitter_misc":{"Tempo estimado de leitura":"2 minutos"},"schema":{"@context":"https:\/\/schema.org","@graph":[{"@type":"WebPage","@id":"https:\/\/blog.cadernointeligente.pt\/wp\/live-de-estudo-matematica-9o-ano-27-01-2022\/","url":"https:\/\/blog.cadernointeligente.pt\/wp\/live-de-estudo-matematica-9o-ano-27-01-2022\/","name":"Live de Estudo: Matem\u00e1tica 9\u00ba ano - 1\u00ba aula (27\/01\/2022) - Caderno Inteligente","isPartOf":{"@id":"https:\/\/blog.cadernointeligente.pt\/wp\/#website"},"primaryImageOfPage":{"@id":"https:\/\/blog.cadernointeligente.pt\/wp\/live-de-estudo-matematica-9o-ano-27-01-2022\/#primaryimage"},"image":{"@id":"https:\/\/blog.cadernointeligente.pt\/wp\/live-de-estudo-matematica-9o-ano-27-01-2022\/#primaryimage"},"thumbnailUrl":"https:\/\/i0.wp.com\/blog.cadernointeligente.pt\/wp\/wp-content\/uploads\/2022\/01\/Banner_Lives_de_Estudo-scaled.jpg?fit=2560%2C1289&ssl=1","datePublished":"2022-01-26T12:03:03+00:00","dateModified":"2023-12-20T16:33:10+00:00","description":"Rev\u00ea a Live de Estudo: Matem\u00e1tica 9\u00ba ano - 1\u00ba aula e prepara-te para os testes da melhor forma com o Caderno Inteligente.","breadcrumb":{"@id":"https:\/\/blog.cadernointeligente.pt\/wp\/live-de-estudo-matematica-9o-ano-27-01-2022\/#breadcrumb"},"inLanguage":"pt-PT","potentialAction":[{"@type":"ReadAction","target":["https:\/\/blog.cadernointeligente.pt\/wp\/live-de-estudo-matematica-9o-ano-27-01-2022\/"]}]},{"@type":"ImageObject","inLanguage":"pt-PT","@id":"https:\/\/blog.cadernointeligente.pt\/wp\/live-de-estudo-matematica-9o-ano-27-01-2022\/#primaryimage","url":"https:\/\/i0.wp.com\/blog.cadernointeligente.pt\/wp\/wp-content\/uploads\/2022\/01\/Banner_Lives_de_Estudo-scaled.jpg?fit=2560%2C1289&ssl=1","contentUrl":"https:\/\/i0.wp.com\/blog.cadernointeligente.pt\/wp\/wp-content\/uploads\/2022\/01\/Banner_Lives_de_Estudo-scaled.jpg?fit=2560%2C1289&ssl=1","width":2560,"height":1289,"caption":"Banner_Lives_de_Estudo"},{"@type":"BreadcrumbList","@id":"https:\/\/blog.cadernointeligente.pt\/wp\/live-de-estudo-matematica-9o-ano-27-01-2022\/#breadcrumb","itemListElement":[{"@type":"ListItem","position":1,"name":"In\u00edcio","item":"https:\/\/blog.cadernointeligente.pt\/wp\/"},{"@type":"ListItem","position":2,"name":"Live de Estudo: Matem\u00e1tica 9\u00ba ano &#8211; 1\u00ba aula (27\/01\/2022)"}]},{"@type":"WebSite","@id":"https:\/\/blog.cadernointeligente.pt\/wp\/#website","url":"https:\/\/blog.cadernointeligente.pt\/wp\/","name":"Caderno Inteligente","description":"Blog do Caderno Inteligente Portugal","publisher":{"@id":"https:\/\/blog.cadernointeligente.pt\/wp\/#organization"},"potentialAction":[{"@type":"SearchAction","target":{"@type":"EntryPoint","urlTemplate":"https:\/\/blog.cadernointeligente.pt\/wp\/?s={search_term_string}"},"query-input":{"@type":"PropertyValueSpecification","valueRequired":true,"valueName":"search_term_string"}}],"inLanguage":"pt-PT"},{"@type":"Organization","@id":"https:\/\/blog.cadernointeligente.pt\/wp\/#organization","name":"Caderno Inteligente Portugal","url":"https:\/\/blog.cadernointeligente.pt\/wp\/","logo":{"@type":"ImageObject","inLanguage":"pt-PT","@id":"https:\/\/blog.cadernointeligente.pt\/wp\/#\/schema\/logo\/image\/","url":"https:\/\/i0.wp.com\/blog.cadernointeligente.pt\/wp\/wp-content\/uploads\/2020\/03\/logotipo-Caderno-Inteligente.png?fit=1067%2C1067&ssl=1","contentUrl":"https:\/\/i0.wp.com\/blog.cadernointeligente.pt\/wp\/wp-content\/uploads\/2020\/03\/logotipo-Caderno-Inteligente.png?fit=1067%2C1067&ssl=1","width":1067,"height":1067,"caption":"Caderno Inteligente Portugal"},"image":{"@id":"https:\/\/blog.cadernointeligente.pt\/wp\/#\/schema\/logo\/image\/"},"sameAs":["https:\/\/www.instagram.com\/cadernointeligente_pt\/"]}]}},"jetpack_sharing_enabled":true,"_links":{"self":[{"href":"https:\/\/blog.cadernointeligente.pt\/wp\/wp-json\/wp\/v2\/pages\/4090","targetHints":{"allow":["GET"]}}],"collection":[{"href":"https:\/\/blog.cadernointeligente.pt\/wp\/wp-json\/wp\/v2\/pages"}],"about":[{"href":"https:\/\/blog.cadernointeligente.pt\/wp\/wp-json\/wp\/v2\/types\/page"}],"author":[{"embeddable":true,"href":"https:\/\/blog.cadernointeligente.pt\/wp\/wp-json\/wp\/v2\/users\/1"}],"replies":[{"embeddable":true,"href":"https:\/\/blog.cadernointeligente.pt\/wp\/wp-json\/wp\/v2\/comments?post=4090"}],"version-history":[{"count":0,"href":"https:\/\/blog.cadernointeligente.pt\/wp\/wp-json\/wp\/v2\/pages\/4090\/revisions"}],"wp:featuredmedia":[{"embeddable":true,"href":"https:\/\/blog.cadernointeligente.pt\/wp\/wp-json\/wp\/v2\/media\/4106"}],"wp:attachment":[{"href":"https:\/\/blog.cadernointeligente.pt\/wp\/wp-json\/wp\/v2\/media?parent=4090"}],"curies":[{"name":"wp","href":"https:\/\/api.w.org\/{rel}","templated":true}]}}